{"id":1006018,"date":"2024-10-03T17:10:00","date_gmt":"2024-10-03T15:10:00","guid":{"rendered":"https:\/\/puntocometa.dev\/?post_type=progetto&#038;p=1006018"},"modified":"2026-06-16T09:48:35","modified_gmt":"2026-06-16T07:48:35","slug":"tessere-legami","status":"publish","type":"progetto","link":"https:\/\/puntocometa.dev\/es\/progetto\/tessere-legami\/","title":{"rendered":"Tessere Legami"},"content":{"rendered":"\n<p class=\"wp-block-paragraph\"><strong>Tessere Legami<\/strong> \u00e8 un progetto nato dalla collaborazione tra <strong>Cometa<\/strong> e <strong><a href=\"https:\/\/www.materahub.com\/\" rel=\"nofollow noopener\" target=\"_blank\">Materahub<\/a><\/strong> per promuovere opportunit\u00e0 educative, culturali e formative rivolte ai giovani attraverso l\u2019incontro tra territori, comunit\u00e0 e competenze.<\/p>\n\n\n\n<p class=\"wp-block-paragraph\">Il progetto mette in relazione <strong>Como<\/strong> e <strong>Matera<\/strong>, due realt\u00e0 accomunate dall\u2019attenzione alla crescita delle nuove generazioni e dalla volont\u00e0 di valorizzare il legame tra <strong>educazione<\/strong>, <strong>artigianato<\/strong>, <strong>creativit\u00e0<\/strong> e <strong>impresa<\/strong>.<\/p>\n\n\n\n<p class=\"wp-block-paragraph\">Nato come un percorso di scambio tra i due territori, Tessere Legami \u00e8 cresciuto nel tempo coinvolgendo nuovi studenti, professionisti, realt\u00e0 artigianali e organizzazioni educative. Dopo una prima annualit\u00e0 dedicata alla scoperta reciproca e alla sperimentazione di laboratori e percorsi di confronto, il progetto ha ampliato il proprio raggio d\u2019azione approfondendo i temi dell\u2019<strong>imprenditorialit\u00e0<\/strong>, della <strong>sostenibilit\u00e0<\/strong> e dell\u2019innovazione sociale, aprendosi anche a una dimensione <strong>europea<\/strong> attraverso nuove esperienze di mobilit\u00e0 e apprendimento internazionale.<\/p>\n\n\n\n<p class=\"wp-block-paragraph\">Attraverso laboratori esperienziali, percorsi di scambio, attivit\u00e0 formative e momenti di incontro con professionisti, artigiani e realt\u00e0 del territorio, Tessere Legami offre ai ragazzi occasioni concrete per sviluppare competenze, scoprire i propri talenti e confrontarsi con nuove prospettive personali e professionali.<\/p>\n\n\n\n<p class=\"wp-block-paragraph\">Particolare attenzione \u00e8 dedicata ai temi dell\u2019<strong>artigianato contemporaneo<\/strong>, dell\u2019<strong>imprenditorialit\u00e0<\/strong>, dell\u2019<strong>inclusione sociale<\/strong>, della <strong>sostenibilit\u00e0<\/strong> e della valorizzazione del <strong>patrimonio culturale<\/strong> come strumenti educativi e di crescita personale.<\/p>\n\n\n\n<p class=\"wp-block-paragraph\">Tessere Legami nasce dalla convinzione che il <strong>fare<\/strong>, il <strong>progettare<\/strong> e il <strong>conoscere<\/strong> siano esperienze profondamente connesse tra loro. Per questo il progetto crea occasioni di incontro tra giovani, professionisti e comunit\u00e0, favorendo la scoperta dei propri talenti, la costruzione di <strong>relazioni significative<\/strong> e l\u2019apertura a nuove possibilit\u00e0 di futuro.<\/p>\n","protected":false},"featured_media":1009410,"template":"","meta":{"_acf_changed":false,"give_campaign_id":0},"tipo-di-progetto":[298],"class_list":["post-1006018","progetto","type-progetto","status-publish","has-post-thumbnail","hentry","tipo-di-progetto-progetti-nazionali"],"acf":[],"_links":{"self":[{"href":"https:\/\/puntocometa.dev\/es\/wp-json\/wp\/v2\/progetto\/1006018","targetHints":{"allow":["GET"]}}],"collection":[{"href":"https:\/\/puntocometa.dev\/es\/wp-json\/wp\/v2\/progetto"}],"about":[{"href":"https:\/\/puntocometa.dev\/es\/wp-json\/wp\/v2\/types\/progetto"}],"wp:featuredmedia":[{"embeddable":true,"href":"https:\/\/puntocometa.dev\/es\/wp-json\/wp\/v2\/media\/1009410"}],"wp:attachment":[{"href":"https:\/\/puntocometa.dev\/es\/wp-json\/wp\/v2\/media?parent=1006018"}],"wp:term":[{"taxonomy":"tipo-di-progetto","embeddable":true,"href":"https:\/\/puntocometa.dev\/es\/wp-json\/wp\/v2\/tipo-di-progetto?post=1006018"}],"curies":[{"name":"wp","href":"https:\/\/api.w.org\/{rel}","templated":true}]}}